{"id":2737,"date":"2021-04-16T20:37:34","date_gmt":"2021-04-16T18:37:34","guid":{"rendered":"http:\/\/www.association-corecre.com\/?page_id=2737"},"modified":"2026-03-15T18:46:38","modified_gmt":"2026-03-15T17:46:38","slug":"les-cociliabules-de-la-recre","status":"publish","type":"page","link":"https:\/\/www.association-corecre.com\/index.php\/les-cociliabules-de-la-recre\/","title":{"rendered":"Les Co&#8217;ciliabules de la R\u00e9CR\u00c9"},"content":{"rendered":"<p>[et_pb_section fb_built=&#8221;1&#8243; _builder_version=&#8221;3.0.47&#8243; custom_padding=&#8221;17px|0px|11px|0px|false|false&#8221;][et_pb_row custom_padding=&#8221;27px|0px|26px|0px|false|false&#8221; _builder_version=&#8221;3.14&#8243;][et_pb_column type=&#8221;4_4&#8243; _builder_version=&#8221;3.14&#8243; parallax=&#8221;off&#8221; parallax_method=&#8221;on&#8221;][et_pb_text _builder_version=&#8221;3.14&#8243;]<\/p>\n<p style=\"text-align: center;\"><span style=\"font-size: xx-large;\"><strong><span style=\"color: #0c0000;\">Les Co&#8217;ciliabules de la R\u00e9CR\u00c9<\/span><\/strong><\/span><\/p>\n<p>[\/et_pb_text][\/et_pb_column][\/et_pb_row][\/et_pb_section][et_pb_section fb_built=&#8221;1&#8243; _builder_version=&#8221;3.14&#8243; custom_padding=&#8221;26px|0px|0|0px|false|false&#8221; top_divider_style=&#8221;wave&#8221; top_divider_color=&#8221;rgba(37,118,188,0.22)&#8221; top_divider_height=&#8221;42px&#8221; top_divider_flip=&#8221;horizontal&#8221; bottom_divider_height=&#8221;65px&#8221;][et_pb_row custom_padding=&#8221;27px|0px|31px|0px|false|false&#8221; _builder_version=&#8221;3.14&#8243;][et_pb_column type=&#8221;4_4&#8243; _builder_version=&#8221;3.14&#8243; parallax=&#8221;off&#8221; parallax_method=&#8221;on&#8221;][et_pb_text _builder_version=&#8221;3.14&#8243;]<\/p>\n<p style=\"text-align: justify;\">Les Co&#8217;ciliabules de la R\u00e9CR\u00c9 sont des espaces d&#8217;<strong>\u00e9changes interdisciplinaires<\/strong> autour d&#8217;une th\u00e9matique centrale pour le domaine de l&#8217;\u00e9ducation.<\/p>\n<p style=\"text-align: justify;\"><strong>Pr\u00e9sentation de chercheurs et\/ou de sp\u00e9cialistes<\/strong>, interventions de personnes qui se questionnent au <strong>quotidien<\/strong> \u00e0 propos de la th\u00e9matique, <strong>tables rondes<\/strong>, \u00e9changes autour des <strong>pratiques<\/strong> et de <strong>nouvelles m\u00e9thodes p\u00e9dagogiques<\/strong>&#8230; Quelles que soient les personnes invit\u00e9es et les th\u00e9matiques abord\u00e9es, toutes les discussions s&#8217;appuieront sur les r\u00e9sultats de la <strong>psychologie scientifique<\/strong>, et d&#8217;autres disciplines telles que les <strong>neurosciences<\/strong> ou encore les <strong>sciences de l&#8217;\u00e9ducation<\/strong>.<\/p>\n<p style=\"text-align: justify;\">Ces \u00e9changes sont \u00e0 la fois destin\u00e9s aux \u00e9tudiants et aux sp\u00e9cialistes de l&#8217;\u00e9ducation qui souhaitent approfondir leurs connaissances d&#8217;un domaine sp\u00e9cifique gr\u00e2ce \u00e0 la d\u00e9couverte des travaux scientifiques les plus r\u00e9cents, mais aussi aux parents soucieux de mieux comprendre le d\u00e9veloppement de leurs enfants, aux enfants et adolescents eux-m\u00eames, et \u00e0 toutes autres personnes curieuses &amp; passionn\u00e9es !<\/p>\n<p>[\/et_pb_text][\/et_pb_column][\/et_pb_row][\/et_pb_section][et_pb_section fb_built=&#8221;1&#8243; _builder_version=&#8221;3.14&#8243; custom_padding=&#8221;12px|0px|0|0px|false|false&#8221; top_divider_style=&#8221;wave&#8221; top_divider_color=&#8221;rgba(37,118,188,0.22)&#8221; top_divider_height=&#8221;42px&#8221; bottom_divider_height=&#8221;65px&#8221;][\/et_pb_section][et_pb_section fb_built=&#8221;1&#8243; _builder_version=&#8221;3.14&#8243; custom_padding=&#8221;1px|0px|25px|0px|false|false&#8221; top_divider_color=&#8221;#dae7f2&#8243; top_divider_height=&#8221;65px&#8221;][et_pb_row _builder_version=&#8221;3.14&#8243; border_color_all=&#8221;#919191&#8243;][et_pb_column type=&#8221;1_2&#8243; _builder_version=&#8221;3.14&#8243; parallax=&#8221;off&#8221; parallax_method=&#8221;on&#8221;][et_pb_image src=&#8221;http:\/\/www.association-corecre.com\/wp-content\/uploads\/2026\/01\/HPI-et-creativite.jpg&#8221; url=&#8221;https:\/\/www.association-corecre.com\/?p=6193&#8243; _builder_version=&#8221;3.14&#8243; border_width_all=&#8221;1px&#8221; max_width=&#8221;93%&#8221;][\/et_pb_image][et_pb_button button_url=&#8221;https:\/\/www.association-corecre.com\/?p=6193&#8243; button_text=&#8221;4 f\u00e9vrier 2026&#8243; button_alignment=&#8221;center&#8221; _builder_version=&#8221;3.14&#8243; custom_button=&#8221;on&#8221; button_text_color=&#8221;#000000&#8243; button_border_width=&#8221;3px&#8221; button_border_radius=&#8221;28px&#8221; button_font=&#8221;|||on|||||&#8221;][\/et_pb_button][\/et_pb_column][et_pb_column type=&#8221;1_2&#8243; _builder_version=&#8221;3.14&#8243; parallax=&#8221;off&#8221; parallax_method=&#8221;on&#8221;][et_pb_image src=&#8221;http:\/\/www.association-corecre.com\/wp-content\/uploads\/2025\/11\/conspiration-et-adolescence-6-scaled.jpg&#8221; url=&#8221;https:\/\/www.association-corecre.com\/index.php\/2025\/11\/30\/prochain-cociliabule-fake-news-et-conspirations-quels-impacts-chez-les-adolescents-et-comment-lecole-peut-les-proteger\/&#8221; _builder_version=&#8221;3.14&#8243; border_width_all=&#8221;1px&#8221; max_width=&#8221;93%&#8221;][\/et_pb_image][et_pb_button button_url=&#8221;https:\/\/www.association-corecre.com\/index.php\/2025\/11\/30\/prochain-cociliabule-fake-news-et-conspirations-quels-impacts-chez-les-adolescents-et-comment-lecole-peut-les-proteger\/&#8221; button_text=&#8221;10 d\u00e9cembre 2025&#8243; button_alignment=&#8221;center&#8221; _builder_version=&#8221;3.14&#8243; custom_button=&#8221;on&#8221; button_text_color=&#8221;#000000&#8243; button_border_width=&#8221;3px&#8221; button_border_radius=&#8221;28px&#8221; button_font=&#8221;|||on|||||&#8221;][\/et_pb_button][\/et_pb_column][\/et_pb_row][et_pb_row _builder_version=&#8221;3.14&#8243; border_color_all=&#8221;#919191&#8243;][et_pb_column type=&#8221;1_2&#8243; _builder_version=&#8221;3.14&#8243; parallax=&#8221;off&#8221; parallax_method=&#8221;on&#8221;][et_pb_image src=&#8221;http:\/\/www.association-corecre.com\/wp-content\/uploads\/2025\/06\/Affiche-Cociliabule14.png&#8221; url=&#8221;https:\/\/www.association-corecre.com\/index.php\/2025\/06\/05\/cociliabule-la-place-des-erreurs-dans-lapprentissage\/?et_fb=1&#8243; _builder_version=&#8221;3.14&#8243; border_width_all=&#8221;1px&#8221; max_width=&#8221;93%&#8221;][\/et_pb_image][et_pb_button button_url=&#8221;https:\/\/www.association-corecre.com\/index.php\/2025\/06\/05\/cociliabule-la-place-des-erreurs-dans-lapprentissage\/?et_fb=1&#8243; button_text=&#8221;19 juin 2025&#8243; button_alignment=&#8221;center&#8221; _builder_version=&#8221;3.14&#8243; custom_button=&#8221;on&#8221; button_text_color=&#8221;#000000&#8243; button_border_width=&#8221;3px&#8221; button_border_radius=&#8221;28px&#8221; button_font=&#8221;|||on|||||&#8221;][\/et_pb_button][\/et_pb_column][et_pb_column type=&#8221;1_2&#8243; _builder_version=&#8221;3.14&#8243; parallax=&#8221;off&#8221; parallax_method=&#8221;on&#8221;][et_pb_image src=&#8221;http:\/\/www.association-corecre.com\/wp-content\/uploads\/2025\/11\/Affiche_CoCiliabule13.png&#8221; url=&#8221;https:\/\/www.association-corecre.com\/?p=5955&amp;et_fb=1&#8243; _builder_version=&#8221;3.14&#8243; border_width_all=&#8221;1px&#8221; max_width=&#8221;93%&#8221;][\/et_pb_image][et_pb_button button_url=&#8221;https:\/\/www.association-corecre.com\/?p=5955&amp;et_fb=1&#8243; button_text=&#8221;29 avril 2025&#8243; button_alignment=&#8221;center&#8221; _builder_version=&#8221;3.14&#8243; custom_button=&#8221;on&#8221; button_text_color=&#8221;#000000&#8243; button_border_width=&#8221;3px&#8221; button_border_radius=&#8221;28px&#8221; button_font=&#8221;|||on|||||&#8221;][\/et_pb_button][\/et_pb_column][\/et_pb_row][et_pb_row _builder_version=&#8221;3.14&#8243; border_color_all=&#8221;#919191&#8243;][et_pb_column type=&#8221;1_2&#8243; _builder_version=&#8221;3.14&#8243; parallax=&#8221;off&#8221; parallax_method=&#8221;on&#8221;][et_pb_image src=&#8221;http:\/\/www.association-corecre.com\/wp-content\/uploads\/2024\/09\/Affiche_Repenser-Motivation.png&#8221; url=&#8221;https:\/\/www.association-corecre.com\/index.php\/2024\/09\/10\/prochain-cociliabule-23-09-2024-repenser-la-motivation-comment-donner-envie-dapprendre\/?et_fb=1&#8243; _builder_version=&#8221;3.14&#8243; border_width_all=&#8221;1px&#8221; max_width=&#8221;93%&#8221;][\/et_pb_image][et_pb_button button_url=&#8221;https:\/\/www.association-corecre.com\/index.php\/2024\/09\/10\/prochain-cociliabule-23-09-2024-repenser-la-motivation-comment-donner-envie-dapprendre\/?et_fb=1&#8243; button_text=&#8221;23 septembre 2024&#8243; button_alignment=&#8221;center&#8221; _builder_version=&#8221;3.14&#8243; custom_button=&#8221;on&#8221; button_text_color=&#8221;#000000&#8243; button_border_width=&#8221;3px&#8221; button_border_radius=&#8221;28px&#8221; button_font=&#8221;|||on|||||&#8221;][\/et_pb_button][\/et_pb_column][et_pb_column type=&#8221;1_2&#8243; _builder_version=&#8221;3.14&#8243; parallax=&#8221;off&#8221; parallax_method=&#8221;on&#8221;][et_pb_image src=&#8221;http:\/\/www.association-corecre.com\/wp-content\/uploads\/2024\/03\/Affiche_CociliabuleGenre.png&#8221; url=&#8221;http:\/\/www.association-corecre.com\/index.php\/2024\/03\/10\/prochain-cociliabule-27-03-24-le-genre-et-lecole-impact-des-stereotypes-et-des-contre-stereotypes\/&#8221; _builder_version=&#8221;3.14&#8243; border_width_all=&#8221;1px&#8221; max_width=&#8221;93%&#8221;][\/et_pb_image][et_pb_button button_url=&#8221;http:\/\/www.association-corecre.com\/index.php\/2024\/03\/10\/prochain-cociliabule-27-03-24-le-genre-et-lecole-impact-des-stereotypes-et-des-contre-stereotypes\/&#8221; button_text=&#8221;27 mars 2024&#8243; button_alignment=&#8221;center&#8221; _builder_version=&#8221;3.14&#8243; custom_button=&#8221;on&#8221; button_text_color=&#8221;#000000&#8243; button_border_width=&#8221;3px&#8221; button_border_radius=&#8221;28px&#8221; button_font=&#8221;|||on|||||&#8221;][\/et_pb_button][\/et_pb_column][\/et_pb_row][et_pb_row _builder_version=&#8221;3.14&#8243; border_color_all=&#8221;#919191&#8243;][et_pb_column type=&#8221;1_2&#8243; _builder_version=&#8221;3.14&#8243; parallax=&#8221;off&#8221; parallax_method=&#8221;on&#8221;][et_pb_image src=&#8221;http:\/\/www.association-corecre.com\/wp-content\/uploads\/2023\/11\/la-creativite-ca-sapprend-a-lecole-Todd-Lubart-et-Jules-Zimmerman.jpg&#8221; url=&#8221;http:\/\/www.association-corecre.com\/index.php\/2023\/03\/14\/prochain-cociliabule-30-03-23-apprendre-a-identifier-et-mieux-gerer-ses-emotions-a-lecole\/&#8221; _builder_version=&#8221;3.14&#8243; border_width_all=&#8221;1px&#8221; max_width=&#8221;93%&#8221;][\/et_pb_image][et_pb_button button_url=&#8221;http:\/\/www.association-corecre.com\/index.php\/2023\/11\/08\/conciliabule-la-creativite-cela-sapprend\/?et_fb=1&#8243; button_text=&#8221;29 novembre 2023&#8243; button_alignment=&#8221;center&#8221; _builder_version=&#8221;3.14&#8243; custom_button=&#8221;on&#8221; button_text_color=&#8221;#000000&#8243; button_border_width=&#8221;3px&#8221; button_border_radius=&#8221;28px&#8221; button_font=&#8221;|||on|||||&#8221;][\/et_pb_button][\/et_pb_column][et_pb_column type=&#8221;1_2&#8243; _builder_version=&#8221;3.14&#8243; parallax=&#8221;off&#8221; parallax_method=&#8221;on&#8221;][et_pb_image src=&#8221;http:\/\/www.association-corecre.com\/wp-content\/uploads\/2023\/03\/Affiche-Co_ciliabule-Ecole-Emotions-_1_.jpeg&#8221; url=&#8221;http:\/\/www.association-corecre.com\/index.php\/2023\/03\/14\/prochain-cociliabule-30-03-23-apprendre-a-identifier-et-mieux-gerer-ses-emotions-a-lecole\/&#8221; _builder_version=&#8221;3.14&#8243; border_width_all=&#8221;1px&#8221; max_width=&#8221;93%&#8221;][\/et_pb_image][et_pb_button button_url=&#8221;http:\/\/www.association-corecre.com\/index.php\/2023\/03\/14\/prochain-cociliabule-30-03-23-apprendre-a-identifier-et-mieux-gerer-ses-emotions-a-lecole\/&#8221; button_text=&#8221;30 mars 2023&#8243; button_alignment=&#8221;center&#8221; _builder_version=&#8221;3.14&#8243; custom_button=&#8221;on&#8221; button_text_color=&#8221;#000000&#8243; button_border_width=&#8221;3px&#8221; button_border_radius=&#8221;28px&#8221; button_font=&#8221;|||on|||||&#8221;][\/et_pb_button][\/et_pb_column][\/et_pb_row][et_pb_row _builder_version=&#8221;3.14&#8243; border_color_all=&#8221;#919191&#8243;][et_pb_column type=&#8221;1_2&#8243; _builder_version=&#8221;3.14&#8243; parallax=&#8221;off&#8221; parallax_method=&#8221;on&#8221;][et_pb_image src=&#8221;http:\/\/www.association-corecre.com\/wp-content\/uploads\/2022\/11\/Affiche-Cociliabule-Mvts-apprentissages.jpg&#8221; url=&#8221;http:\/\/www.association-corecre.com\/index.php\/2022\/11\/22\/prochain-cociliabule-le-geste-moteur-aide-au-developpement-cognitif-et-aux-apprentissages-scolaires\/?et_fb=1&#8243; _builder_version=&#8221;3.14&#8243; border_width_all=&#8221;1px&#8221; max_width=&#8221;93%&#8221;][\/et_pb_image][et_pb_button button_url=&#8221;http:\/\/www.association-corecre.com\/index.php\/2022\/11\/22\/prochain-cociliabule-le-geste-moteur-aide-au-developpement-cognitif-et-aux-apprentissages-scolaires\/?et_fb=1&#8243; button_text=&#8221;30 novembre 2022&#8243; button_alignment=&#8221;center&#8221; _builder_version=&#8221;3.14&#8243; custom_button=&#8221;on&#8221; button_text_color=&#8221;#000000&#8243; button_border_width=&#8221;3px&#8221; button_border_radius=&#8221;28px&#8221; button_font=&#8221;|||on|||||&#8221;][\/et_pb_button][\/et_pb_column][et_pb_column type=&#8221;1_2&#8243; _builder_version=&#8221;3.14&#8243; parallax=&#8221;off&#8221; parallax_method=&#8221;on&#8221;][et_pb_image src=&#8221;http:\/\/www.association-corecre.com\/wp-content\/uploads\/2022\/03\/Affiche_CompPsychoSociale.jpeg&#8221; url=&#8221;http:\/\/www.association-corecre.com\/?p=4614&amp;et_fb=1&#8243; _builder_version=&#8221;3.14&#8243; border_width_all=&#8221;1px&#8221;][\/et_pb_image][et_pb_button button_url=&#8221;http:\/\/www.association-corecre.com\/?p=4614&amp;et_fb=1&#8243; button_text=&#8221;30 mars 2022&#8243; button_alignment=&#8221;center&#8221; _builder_version=&#8221;3.14&#8243; custom_button=&#8221;on&#8221; button_text_color=&#8221;#000000&#8243; button_border_width=&#8221;3px&#8221; button_border_radius=&#8221;28px&#8221; button_font=&#8221;|||on|||||&#8221;][\/et_pb_button][\/et_pb_column][\/et_pb_row][et_pb_row custom_padding=&#8221;16px|0px|0|0px|false|false&#8221; _builder_version=&#8221;3.14&#8243;][et_pb_column type=&#8221;4_4&#8243; _builder_version=&#8221;3.14&#8243; parallax=&#8221;off&#8221; parallax_method=&#8221;on&#8221;][et_pb_divider color=&#8221;#b3b3b3&#8243; _builder_version=&#8221;3.14&#8243;][\/et_pb_divider][\/et_pb_column][\/et_pb_row][\/et_pb_section][et_pb_section fb_built=&#8221;1&#8243; _builder_version=&#8221;3.14&#8243; custom_padding=&#8221;1px|0px|25px|0px|false|false&#8221; top_divider_color=&#8221;#dae7f2&#8243; top_divider_height=&#8221;65px&#8221;][et_pb_row _builder_version=&#8221;3.14&#8243; border_color_all=&#8221;#919191&#8243;][et_pb_column type=&#8221;1_2&#8243; _builder_version=&#8221;3.14&#8243; parallax=&#8221;off&#8221; parallax_method=&#8221;on&#8221;][et_pb_image src=&#8221;http:\/\/www.association-corecre.com\/wp-content\/uploads\/2022\/01\/Diapositive1.jpg&#8221; url=&#8221;http:\/\/www.association-corecre.com\/index.php\/2022\/01\/07\/cociliabule-stress-et-apprentissage-a-lecole\/?et_fb=1&#8243; _builder_version=&#8221;3.14&#8243; border_width_all=&#8221;1px&#8221;][\/et_pb_image][et_pb_button button_url=&#8221;http:\/\/www.association-corecre.com\/index.php\/2022\/01\/07\/cociliabule-stress-et-apprentissage-a-lecole\/?et_fb=1&#8243; button_text=&#8221;19 janvier 2022&#8243; button_alignment=&#8221;center&#8221; _builder_version=&#8221;3.14&#8243; custom_button=&#8221;on&#8221; button_text_color=&#8221;#000000&#8243; button_border_width=&#8221;3px&#8221; button_border_radius=&#8221;28px&#8221; button_font=&#8221;|||on|||||&#8221;][\/et_pb_button][\/et_pb_column][et_pb_column type=&#8221;1_2&#8243; _builder_version=&#8221;3.14&#8243; parallax=&#8221;off&#8221; parallax_method=&#8221;on&#8221;][et_pb_image src=&#8221;http:\/\/www.association-corecre.com\/wp-content\/uploads\/2021\/11\/Affiche_CoCiliabule_sommeil.png&#8221; url=&#8221;http:\/\/www.association-corecre.com\/index.php\/2021\/11\/17\/cociliabule-le-sommeil-et-les-apprentissages-le-27-10-21-a-18h\/?et_fb=1&#8243; _builder_version=&#8221;3.14&#8243; border_width_all=&#8221;1px&#8221;][\/et_pb_image][et_pb_button button_url=&#8221;http:\/\/www.association-corecre.com\/index.php\/2021\/11\/17\/cociliabule-le-sommeil-et-les-apprentissages-le-27-10-21-a-18h\/?et_fb=1&#8243; button_text=&#8221;27 novembre 2021&#8243; button_alignment=&#8221;center&#8221; _builder_version=&#8221;3.14&#8243; custom_button=&#8221;on&#8221; button_text_color=&#8221;#000000&#8243; button_border_width=&#8221;3px&#8221; button_border_radius=&#8221;28px&#8221; button_font=&#8221;|||on|||||&#8221;][\/et_pb_button][\/et_pb_column][\/et_pb_row][et_pb_row custom_padding=&#8221;16px|0px|0|0px|false|false&#8221; _builder_version=&#8221;3.14&#8243;][et_pb_column type=&#8221;4_4&#8243; _builder_version=&#8221;3.14&#8243; parallax=&#8221;off&#8221; parallax_method=&#8221;on&#8221;][et_pb_divider color=&#8221;#b3b3b3&#8243; _builder_version=&#8221;3.14&#8243;][\/et_pb_divider][\/et_pb_column][\/et_pb_row][\/et_pb_section][et_pb_section fb_built=&#8221;1&#8243; _builder_version=&#8221;3.14&#8243; custom_padding=&#8221;1px|0px|23px|0px|false|false&#8221; top_divider_color=&#8221;#dae7f2&#8243; top_divider_height=&#8221;65px&#8221;][et_pb_row _builder_version=&#8221;3.14&#8243; border_color_all=&#8221;#919191&#8243;][et_pb_column type=&#8221;1_2&#8243; _builder_version=&#8221;3.14&#8243; parallax=&#8221;off&#8221; parallax_method=&#8221;on&#8221;][et_pb_image src=&#8221;http:\/\/www.association-corecre.com\/wp-content\/uploads\/2022\/03\/Diapositive4.jpeg&#8221; url=&#8221;http:\/\/www.association-corecre.com\/index.php\/2021\/06\/04\/prochain-cociliabule-de-la-recre-ecrans-et-jeux-videos-quels-impacts-chez-nos-jeunes-le-30-06-21-a-18h\/?et_fb=1&#8243; _builder_version=&#8221;3.14&#8243; border_width_all=&#8221;1px&#8221;][\/et_pb_image][et_pb_button button_url=&#8221;http:\/\/www.association-corecre.com\/index.php\/2021\/06\/04\/prochain-cociliabule-de-la-recre-ecrans-et-jeux-videos-quels-impacts-chez-nos-jeunes-le-30-06-21-a-18h\/?et_fb=1&#8243; button_text=&#8221;30 juin 2021&#8243; button_alignment=&#8221;center&#8221; _builder_version=&#8221;3.14&#8243; custom_button=&#8221;on&#8221; button_text_color=&#8221;#000000&#8243; button_border_width=&#8221;3px&#8221; button_border_radius=&#8221;28px&#8221; button_font=&#8221;|||on|||||&#8221;][\/et_pb_button][\/et_pb_column][et_pb_column type=&#8221;1_2&#8243; _builder_version=&#8221;3.14&#8243; parallax=&#8221;off&#8221; parallax_method=&#8221;on&#8221;][et_pb_image src=&#8221;http:\/\/www.association-corecre.com\/wp-content\/uploads\/2021\/05\/Affiche_Cociliabule_Ados_emotions.jpg&#8221; url=&#8221;http:\/\/www.association-corecre.com\/index.php\/2021\/04\/14\/2637\/?et_fb=1&#8243; _builder_version=&#8221;3.14&#8243; border_width_all=&#8221;1px&#8221;][\/et_pb_image][et_pb_button button_url=&#8221;http:\/\/www.association-corecre.com\/index.php\/2021\/05\/04\/ados-emotions-specificites-neuro-developpementales-et-impacts-au-quotidien\/&#8221; button_text=&#8221;26 mai 2021&#8243; button_alignment=&#8221;center&#8221; _builder_version=&#8221;3.14&#8243; custom_button=&#8221;on&#8221; button_text_color=&#8221;#000000&#8243; button_border_width=&#8221;3px&#8221; button_border_radius=&#8221;28px&#8221; button_font=&#8221;|||on|||||&#8221;][\/et_pb_button][\/et_pb_column][\/et_pb_row][et_pb_row custom_padding=&#8221;16px|0px|0|0px|false|false&#8221; _builder_version=&#8221;3.14&#8243;][et_pb_column type=&#8221;4_4&#8243; _builder_version=&#8221;3.14&#8243; parallax=&#8221;off&#8221; parallax_method=&#8221;on&#8221;][et_pb_divider color=&#8221;#b3b3b3&#8243; _builder_version=&#8221;3.14&#8243;][\/et_pb_divider][\/et_pb_column][\/et_pb_row][\/et_pb_section][et_pb_section fb_built=&#8221;1&#8243; _builder_version=&#8221;3.0.47&#8243; custom_padding=&#8221;0|0px|54px|0px|false|false&#8221;][et_pb_row _builder_version=&#8221;3.14&#8243; border_color_all=&#8221;#919191&#8243;][et_pb_column type=&#8221;1_2&#8243; _builder_version=&#8221;3.14&#8243; parallax=&#8221;off&#8221; parallax_method=&#8221;on&#8221;][et_pb_image src=&#8221;http:\/\/www.association-corecre.com\/wp-content\/uploads\/2021\/04\/Proposition_Affiche_CoCiliabule2_EcoleDeLaCreativite.jpg&#8221; url=&#8221;http:\/\/www.association-corecre.com\/index.php\/2021\/04\/14\/2637\/?et_fb=1&#8243; _builder_version=&#8221;3.14&#8243; border_width_all=&#8221;1px&#8221;][\/et_pb_image][et_pb_button button_url=&#8221;http:\/\/www.association-corecre.com\/index.php\/2021\/04\/14\/2637\/?et_fb=1&#8243; button_text=&#8221;21 avril 2021&#8243; button_alignment=&#8221;center&#8221; _builder_version=&#8221;3.14&#8243; custom_button=&#8221;on&#8221; button_text_color=&#8221;#000000&#8243; button_border_width=&#8221;3px&#8221; button_border_radius=&#8221;28px&#8221; button_font=&#8221;|||on|||||&#8221;][\/et_pb_button][\/et_pb_column][et_pb_column type=&#8221;1_2&#8243; _builder_version=&#8221;3.14&#8243; parallax=&#8221;off&#8221; parallax_method=&#8221;on&#8221;][et_pb_image src=&#8221;http:\/\/www.association-corecre.com\/wp-content\/uploads\/2021\/04\/AfficheCo-ciliabule_31mars20201.pdf&#8221; url=&#8221;http:\/\/www.association-corecre.com\/index.php\/2021\/03\/07\/conciliabule-de-la-recre-filles-garcons\/&#8221; _builder_version=&#8221;3.14&#8243; border_width_all=&#8221;1px&#8221; border_color_all=&#8221;#919191&#8243;][\/et_pb_image][et_pb_button button_url=&#8221;http:\/\/www.association-corecre.com\/index.php\/2021\/03\/07\/conciliabule-de-la-recre-filles-garcons\/&#8221; button_text=&#8221;31 mars 2021&#8243; button_alignment=&#8221;center&#8221; _builder_version=&#8221;3.14&#8243; custom_button=&#8221;on&#8221; button_text_color=&#8221;#000000&#8243; button_border_width=&#8221;3px&#8221; button_border_radius=&#8221;28px&#8221; button_font=&#8221;|||on|||||&#8221;][\/et_pb_button][\/et_pb_column][\/et_pb_row][\/et_pb_section]<\/p>\n","protected":false},"excerpt":{"rendered":"<p>[et_pb_section fb_built=&#8221;1&#8243; _builder_version=&#8221;3.0.47&#8243; custom_padding=&#8221;17px|0px|11px|0px|false|false&#8221;][et_pb_row custom_padding=&#8221;27px|0px|26px|0px|false|false&#8221; _builder_version=&#8221;3.14&#8243;][et_pb_column type=&#8221;4_4&#8243; _builder_version=&#8221;3.14&#8243; parallax=&#8221;off&#8221; parallax_method=&#8221;on&#8221;][et_pb_text _builder_version=&#8221;3.14&#8243;] Les Co&#8217;ciliabules de la R\u00e9CR\u00c9 [\/et_pb_text][\/et_pb_column][\/et_pb_row][\/et_pb_section][et_pb_section fb_built=&#8221;1&#8243; _builder_version=&#8221;3.14&#8243; custom_padding=&#8221;26px|0px|0|0px|false|false&#8221; top_divider_style=&#8221;wave&#8221; top_divider_color=&#8221;rgba(37,118,188,0.22)&#8221; top_divider_height=&#8221;42px&#8221; top_divider_flip=&#8221;horizontal&#8221; bottom_divider_height=&#8221;65px&#8221;][et_pb_row custom_padding=&#8221;27px|0px|31px|0px|false|false&#8221; _builder_version=&#8221;3.14&#8243;][et_pb_column type=&#8221;4_4&#8243; _builder_version=&#8221;3.14&#8243; parallax=&#8221;off&#8221; parallax_method=&#8221;on&#8221;][et_pb_text _builder_version=&#8221;3.14&#8243;] Les Co&#8217;ciliabules de la R\u00e9CR\u00c9 sont des espaces d&#8217;\u00e9changes interdisciplinaires autour d&#8217;une th\u00e9matique centrale pour le domaine de l&#8217;\u00e9ducation. Pr\u00e9sentation de chercheurs et\/ou [&hellip;]<\/p>\n","protected":false},"author":1,"featured_media":0,"parent":0,"menu_order":0,"comment_status":"closed","ping_status":"closed","template":"","meta":{"_exactmetrics_skip_tracking":false,"_exactmetrics_sitenote_active":false,"_exactmetrics_sitenote_note":"","_exactmetrics_sitenote_category":0,"_monsterinsights_skip_tracking":false,"_monsterinsights_sitenote_active":false,"_monsterinsights_sitenote_note":"","_monsterinsights_sitenote_category":0,"footnotes":""},"categories":[],"tags":[],"class_list":["post-2737","page","type-page","status-publish","hentry"],"_links":{"self":[{"href":"https:\/\/www.association-corecre.com\/index.php\/wp-json\/wp\/v2\/pages\/2737","targetHints":{"allow":["GET"]}}],"collection":[{"href":"https:\/\/www.association-corecre.com\/index.php\/wp-json\/wp\/v2\/pages"}],"about":[{"href":"https:\/\/www.association-corecre.com\/index.php\/wp-json\/wp\/v2\/types\/page"}],"author":[{"embeddable":true,"href":"https:\/\/www.association-corecre.com\/index.php\/wp-json\/wp\/v2\/users\/1"}],"replies":[{"embeddable":true,"href":"https:\/\/www.association-corecre.com\/index.php\/wp-json\/wp\/v2\/comments?post=2737"}],"version-history":[{"count":49,"href":"https:\/\/www.association-corecre.com\/index.php\/wp-json\/wp\/v2\/pages\/2737\/revisions"}],"predecessor-version":[{"id":6299,"href":"https:\/\/www.association-corecre.com\/index.php\/wp-json\/wp\/v2\/pages\/2737\/revisions\/6299"}],"wp:attachment":[{"href":"https:\/\/www.association-corecre.com\/index.php\/wp-json\/wp\/v2\/media?parent=2737"}],"wp:term":[{"taxonomy":"category","embeddable":true,"href":"https:\/\/www.association-corecre.com\/index.php\/wp-json\/wp\/v2\/categories?post=2737"},{"taxonomy":"post_tag","embeddable":true,"href":"https:\/\/www.association-corecre.com\/index.php\/wp-json\/wp\/v2\/tags?post=2737"}],"curies":[{"name":"wp","href":"https:\/\/api.w.org\/{rel}","templated":true}]}}