{"id":1840,"date":"2020-08-31T12:11:11","date_gmt":"2020-08-31T10:11:11","guid":{"rendered":"http:\/\/anaellecamarda.com\/?page_id=1840"},"modified":"2025-02-03T11:42:17","modified_gmt":"2025-02-03T10:42:17","slug":"le-bureau-de-direction","status":"publish","type":"page","link":"https:\/\/www.association-corecre.com\/index.php\/le-bureau-de-direction\/","title":{"rendered":"Le bureau de direction"},"content":{"rendered":"<p>[et_pb_section fb_built=&#8221;1&#8243; _builder_version=&#8221;3.14&#8243; custom_padding=&#8221;60px|0px|0|0px|false|false&#8221;][et_pb_row custom_padding=&#8221;0|0px|0|0px|false|false&#8221; _builder_version=&#8221;3.14&#8243;][et_pb_column type=&#8221;4_4&#8243; _builder_version=&#8221;3.14&#8243; parallax=&#8221;off&#8221; parallax_method=&#8221;on&#8221;][et_pb_text _builder_version=&#8221;3.14&#8243;]<\/p>\n<h4 style=\"text-align: center;\"><span style=\"color: #076b7f; font-size: x-large;\"><b>Les membres du bureau de direction de l&#8217;association<\/b><\/span><\/h4>\n<p>[\/et_pb_text][\/et_pb_column][\/et_pb_row][et_pb_row custom_padding=&#8221;40px|0px|8px|0px|false|false&#8221; _builder_version=&#8221;3.14&#8243;][et_pb_column type=&#8221;4_4&#8243; _builder_version=&#8221;3.14&#8243; parallax=&#8221;off&#8221; parallax_method=&#8221;on&#8221;][et_pb_divider color=&#8221;#197593&#8243; _builder_version=&#8221;3.14&#8243;][\/et_pb_divider][\/et_pb_column][\/et_pb_row][et_pb_row _builder_version=&#8221;3.14&#8243; border_style_all=&#8221;dashed&#8221; border_width_bottom=&#8221;1px&#8221; border_color_bottom=&#8221;rgba(160,160,160,0.43)&#8221;][et_pb_column type=&#8221;3_4&#8243; _builder_version=&#8221;3.14&#8243; parallax=&#8221;off&#8221; parallax_method=&#8221;on&#8221;][et_pb_text _builder_version=&#8221;3.14&#8243; inline_fonts=&#8221;Georgia&#8221;]<\/p>\n<p><span style=\"font-size: medium; font-family: Georgia; font-weight: normal;\"><strong>Ana\u00eblle Camarda <\/strong><em>&#8211; Pr\u00e9sidente du CoReCR\u00c9<\/em><\/span><\/p>\n<p style=\"text-align: justify;\">Apr\u00e8s avoir obtenu mon dipl\u00f4me de psychologue (sp\u00e9cialis\u00e9e en psychologie cognitive et neuropsychologie) de<br \/>l\u2019Universit\u00e9 Paris-Descartes, je me s\u2019est sp\u00e9cialis\u00e9e dans l\u2019\u00e9tude du d\u00e9veloppement cognitif de l\u2019enfant et de<br \/>l\u2019adolescent en r\u00e9alisant ma th\u00e8se de doctorat au Laboratoire de Psychologie du D\u00e9veloppement et de l\u2019\u00c9ducation de<br \/>l\u2019enfant (<a href=\"https:\/\/www.lapsyde.com\/le-laboratoire\">LaPsyD\u00c9<\/a>). Ensuite, j&#8217;ai r\u00e9alis\u00e9 mes post-doctorats au <a href=\"http:\/\/www.mines-paristech.fr\/Recherche\/Centres-de-recherche\/Centre-de-gestion-scientifique-CGS\/\">Centre de Gestion Scientifique<\/a> de l\u2019\u00e9cole des Mines de Paris (<a href=\"http:\/\/www.tmci.mines-paristech.fr\">TMCI<\/a>)\u00a0et \u00e0\u00a0l\u2019Universit\u00e9 Catholique de Louvain lors desquels j&#8217;ai poursuivi mes \u00e9tudes \u00e0 propos de d\u00e9veloppement des m\u00e9canismes cognitifs li\u00e9s \u00e0 la cr\u00e9ativit\u00e9 et des actions qui peuvent \u00eatre mises en place pour stimuler cette comp\u00e9tence en entreprise, \u00e0 l&#8217;\u00e9cole, et au sein des politiques publiques.<\/p>\n<p style=\"text-align: justify;\">Aujourd&#8217;hui, je suis charg\u00e9e de recherche de l&#8217;<a href=\"https:\/\/www.formation-montessori.fr\">Institut Sup\u00e9rieur Maria Montessori<\/a>, affili\u00e9e au laboratoire <a href=\"https:\/\/lapea.u-paris.fr\/en\/home\/\">LaPea<\/a> de l&#8217;Universit\u00e9 Paris-cit\u00e9, et chercheuse associ\u00e9e \u00e0 l&#8217;<a href=\"https:\/\/uclouvain.be\/fr\/instituts-recherche\/ipsy\">institut de psychologie<\/a> de l&#8217;Universit\u00e9 Catholique de Louvain (Belgique). Je travaille donc dans une perspective allant de la recherche en laboratoire (comportementale et en neuro-imagerie) jusqu&#8217;\u00e0 la mise en place de recherche-action sur le terrain (notamment en \u00e9cole).\u00a0<\/p>\n<p>&nbsp;<\/p>\n<p>[\/et_pb_text][\/et_pb_column][et_pb_column type=&#8221;1_4&#8243; _builder_version=&#8221;3.14&#8243; parallax=&#8221;off&#8221; parallax_method=&#8221;on&#8221;][et_pb_image src=&#8221;http:\/\/www.association-corecre.com\/wp-content\/uploads\/2022\/11\/Anaelle.jpeg&#8221; _builder_version=&#8221;3.14&#8243;][\/et_pb_image][\/et_pb_column][\/et_pb_row][\/et_pb_section][et_pb_section fb_built=&#8221;1&#8243; admin_label=&#8221;section&#8221; _builder_version=&#8221;3.0.47&#8243; custom_padding=&#8221;10px|0px|0|0px|false|false&#8221;][et_pb_row custom_padding=&#8221;0|0px|25.875px|0px|false|false&#8221; _builder_version=&#8221;3.14&#8243; border_width_bottom=&#8221;1px&#8221; border_color_bottom=&#8221;rgba(160,160,160,0.43)&#8221; border_style_bottom=&#8221;dashed&#8221;][et_pb_column type=&#8221;1_4&#8243; _builder_version=&#8221;3.0.47&#8243; parallax=&#8221;off&#8221; parallax_method=&#8221;on&#8221;][et_pb_image src=&#8221;http:\/\/www.association-corecre.com\/wp-content\/uploads\/2022\/01\/photo_site_barbara.jpeg&#8221; _builder_version=&#8221;3.14&#8243;][\/et_pb_image][\/et_pb_column][et_pb_column type=&#8221;3_4&#8243; _builder_version=&#8221;3.0.47&#8243; parallax=&#8221;off&#8221; parallax_method=&#8221;on&#8221;][et_pb_text _builder_version=&#8221;3.14&#8243; inline_fonts=&#8221;Georgia&#8221;]<\/p>\n<p><b><span style=\"font-family: Georgia; font-size: medium;\"><span style=\"font-weight: normal;\"><strong><span style=\"text-decoration: underline;\">Barbara Ozkalp-Poincloux<\/span>\u00a0<\/strong><\/span><\/span><\/b><span style=\"font-family: Georgia; font-size: medium;\"><span style=\"font-weight: normal;\"><em>&#8211; Tr\u00e9sori\u00e8re du CoReCR\u00c9<\/em><\/span><\/span><\/p>\n<p style=\"text-align: justify;\">Dipl\u00f4m\u00e9e d&#8217;un Master de Biologie Int\u00e9grative et Physiologie, parcours Neurosciences Cognitives et Comportementales, \u00e0 Sorbonne Universit\u00e9, je me suis sp\u00e9cialis\u00e9e sur la cr\u00e9ativit\u00e9 en r\u00e9alisant un stage avec Mathieu Cassotti (LaPsyDE) et Ana\u00eblle Camarda (Mines ParisTech). Apr\u00e8s avoir travaill\u00e9 en tant qu&#8217;ing\u00e9nieure d&#8217;\u00e9tudes sur la cr\u00e9ativit\u00e9 au LaPsyDE, je r\u00e9alise d\u00e9sormais une th\u00e8se sur la stimulation des comportements \u00e9co-responsables des adolescents par le biais des \u00e9motions et des comp\u00e9tences de g\u00e9n\u00e9rations cr\u00e9atives.\u00a0<\/p>\n<p style=\"text-align: justify;\">Apr\u00e8s plusieurs exp\u00e9riences de m\u00e9diation scientifique aupr\u00e8s d&#8217;enfants et adolescents, j&#8217;aimerais continuer \u00e0 participer \u00e0 la diffusions des connaissances en neurosciences. Je suis particuli\u00e8rement sensible \u00e0 la question des in\u00e9galit\u00e9s sociales et des discriminations.\u00a0<\/p>\n<p>[\/et_pb_text][\/et_pb_column][\/et_pb_row][et_pb_row _builder_version=&#8221;3.14&#8243; border_style_all=&#8221;dashed&#8221; border_width_bottom=&#8221;1px&#8221; border_color_bottom=&#8221;rgba(160,160,160,0.43)&#8221;][et_pb_column type=&#8221;3_4&#8243; _builder_version=&#8221;3.14&#8243; parallax=&#8221;off&#8221; parallax_method=&#8221;on&#8221;][et_pb_text _builder_version=&#8221;3.14&#8243; inline_fonts=&#8221;Georgia&#8221;]<\/p>\n<p><span style=\"font-size: medium; font-family: Georgia; font-weight: normal;\"><b><span style=\"text-decoration: underline;\">Julie Deborde<\/span>\u00a0<\/b><em>&#8211; Secr\u00e9taire du CoR\u00e9CRE<\/em><\/span><\/p>\n<p><span>Passionn\u00e9e d\u2019\u00e9ducation et de p\u00e9dagogie, j\u2019ai successivement achev\u00e9 deux Masters dans ces domaines-l\u00e0. C\u2019est autour des pratiques artistiques et de la cr\u00e9ativit\u00e9 qu\u2019ont port\u00e9 mes travaux de fin d\u2019\u00e9tude. Je me suis interrog\u00e9e \u00e0 la fois sur la place des pratiques artistiques dans la prise en charge de l\u2019\u00e9chec scolaire ainsi que sur le d\u00e9veloppement de la cr\u00e9ativit\u00e9 chez de tr\u00e8s jeunes \u00e9l\u00e8ves. Je suis actuellement professeur des \u00e9coles et j\u2019aime innover, tester, ajuster ma pratique en m\u2019appuyant sur les derni\u00e8res recherches en psycho \u2013 p\u00e9dagogie.<\/span><\/p>\n<p>[\/et_pb_text][\/et_pb_column][et_pb_column type=&#8221;1_4&#8243; _builder_version=&#8221;3.14&#8243; parallax=&#8221;off&#8221; parallax_method=&#8221;on&#8221;][et_pb_image src=&#8221;http:\/\/www.association-corecre.com\/wp-content\/uploads\/2023\/03\/Capture-decran-2023-03-16-a-11.24.03.png&#8221; _builder_version=&#8221;3.14&#8243;][\/et_pb_image][\/et_pb_column][\/et_pb_row][et_pb_row _builder_version=&#8221;3.14&#8243; border_width_bottom=&#8221;1px&#8221; border_color_bottom=&#8221;rgba(160,160,160,0.43)&#8221; border_style_bottom=&#8221;dashed&#8221;][et_pb_column type=&#8221;1_4&#8243; _builder_version=&#8221;3.0.47&#8243; parallax=&#8221;off&#8221; parallax_method=&#8221;on&#8221;][et_pb_image src=&#8221;http:\/\/www.association-corecre.com\/wp-content\/uploads\/2020\/03\/Virginie.png&#8221; _builder_version=&#8221;3.14&#8243;][\/et_pb_image][\/et_pb_column][et_pb_column type=&#8221;3_4&#8243; _builder_version=&#8221;3.0.47&#8243; parallax=&#8221;off&#8221; parallax_method=&#8221;on&#8221;][et_pb_text _builder_version=&#8221;3.14&#8243; inline_fonts=&#8221;Georgia&#8221;]<\/p>\n<p><b><span style=\"font-family: Georgia; font-size: medium;\"><span style=\"text-decoration: underline;\"><span style=\"font-weight: normal;\"><strong>Virginie<\/strong>\u00a0<\/span>Kehringer<\/span><span style=\"font-weight: normal;\">\u00a0<\/span><\/span><\/b><span style=\"font-size: medium;\"><em><span style=\"font-family: Georgia;\"><span style=\"font-weight: normal;\">&#8211; Secr\u00e9taire adjointe du CoReCR\u00c9<\/span><\/span><\/em><\/span><\/p>\n<p style=\"text-align: justify;\">Professeur certifi\u00e9 de Lettres Classiques enseignant dans le secondaire depuis 18 ans, mon m\u00e9tier reste encore aujourd&#8217;hui une vraie motivation et c&#8217;est justement au contact d&#8217;\u00e9l\u00e8ves parfois en difficult\u00e9s face aux attentes et au fonctionnement du syst\u00e8me scolaire que je me suis progressivement int\u00e9ress\u00e9e aux neurosciences et \u00e0 la psychologie du d\u00e9veloppement.<\/p>\n<p style=\"text-align: justify;\"><span style=\"font-size: 14px;\">Reprenant le chemin de l&#8217;\u00e9cole, j&#8217;ai eu la possibilit\u00e9 de suivre la formation du Master Psychologie du d\u00e9veloppement cognitif et social de l\u2019enfant et de l\u2019adolescent, \u00e0 l\u2019Universit\u00e9 de Paris, et de\u00a0d\u00e9couvrir la recherche autour du d\u00e9veloppement de la cr\u00e9ativit\u00e9 au sein de mon stage de fin d&#8217;\u00e9tude. <\/span><span style=\"font-size: 14px;\">Plus sp\u00e9cifiquement mon projet vise \u00e0 r\u00e9fl\u00e9chir sur la fa\u00e7on dont cette comp\u00e9tence si importante pourrait prendre une place plus importante dans le cursus de formation scolaire au coll\u00e8ge\/lyc\u00e9e en faisant un \u00e9tat des lieux des id\u00e9es que les enseignants et les \u00e9l\u00e8ves se font de la cr\u00e9ativit\u00e9.<\/span><\/p>\n<p>[\/et_pb_text][\/et_pb_column][\/et_pb_row][\/et_pb_section][et_pb_section fb_built=&#8221;1&#8243; _builder_version=&#8221;3.14&#8243; custom_padding=&#8221;34px|0px|54px|0px|false|false&#8221;][et_pb_row make_fullwidth=&#8221;on&#8221; _builder_version=&#8221;3.14&#8243; use_background_color_gradient=&#8221;on&#8221; background_color_gradient_start=&#8221;#311c3f&#8221; background_image=&#8221;http:\/\/www.association-corecre.com\/wp-content\/uploads\/2020\/08\/news-634808_1920.jpg&#8221; background_position=&#8221;top_right&#8221; border_width_all=&#8221;3px&#8221;][et_pb_column type=&#8221;1_2&#8243; _builder_version=&#8221;3.14&#8243; parallax=&#8221;off&#8221; parallax_method=&#8221;on&#8221;][et_pb_code _builder_version=&#8221;3.14&#8243; background_color=&#8221;#7cda24&#8243; text_orientation=&#8221;center&#8221; max_width=&#8221;83%&#8221; custom_margin=&#8221;|||10px&#8221;]&lt;!&#8211; Begin Mailchimp Signup Form &#8211;&gt; &lt;link href=&quot;\/\/cdn-images.mailchimp.com\/embedcode\/classic-10_7.css&quot; rel=&quot;stylesheet&quot; type=&quot;text\/css&quot;&gt; &lt;style type=&quot;text\/css&quot;&gt; #mc_embed_signup{background:#fff; clear:left; font:14px Helvetica,Arial,sans-serif; } \/* Add your own Mailchimp form style overrides in your site stylesheet or in this style block. We recommend moving this block and the preceding CSS link to the HEAD of your HTML file. *\/ &lt;\/style&gt; &lt;div id=&quot;mc_embed_signup&quot;&gt; &lt;form action=&quot;https:\/\/mines-paristech.us17.list-manage.com\/subscribe\/post?u=2f8584d0c3d925622c16f81a4&amp;id=ee9ef13489&quot; method=&quot;post&quot; id=&quot;mc-embedded-subscribe-form&quot; name=&quot;mc-embedded-subscribe-form&quot; class=&quot;validate&quot; target=&quot;_blank&quot; novalidate&gt; &lt;div id=&quot;mc_embed_signup_scroll&quot;&gt; &lt;h2&gt;\u00a0&lt;strong&gt;&lt;font color=#210F57&gt;Informez-vous en vous inscrivant \u00e0 la newsletter du Journal Scientifique !&lt;\/font&gt;&lt;\/strong&gt;&lt;\/h2&gt;\u00a0&lt;div class=&quot;mc-field-group&quot;&gt; \u00a0\u00a0 &lt;center&gt;&lt;font color=#ADACB7&gt;&lt;label for=&quot;mce-EMAIL&quot;&gt;Adresse mail &lt;\/label&gt;&lt;\/font&gt;&lt;\/center&gt;\u00a0 &lt;input type=&quot;email&quot; value=&quot;&quot; name=&quot;EMAIL&quot; class=&quot;required email&quot; id=&quot;mce-EMAIL&quot;&gt; &lt;\/div&gt; &lt;div class=&quot;mc-field-group&quot;&gt; \u00a0\u00a0 &lt;center&gt;&lt;font color=#ADACB7&gt;&lt;label for=&quot;mce-FNAME&quot;&gt;Pr\u00e9nom &lt;\/label&gt;&lt;\/font&gt;&lt;\/center&gt; &lt;input type=&quot;text&quot; value=&quot;&quot; name=&quot;FNAME&quot; class=&quot;required&quot; id=&quot;mce-FNAME&quot;&gt; &lt;\/div&gt; &lt;div class=&quot;mc-field-group&quot;&gt; \u00a0\u00a0 &lt;center&gt;&lt;font color=#ADACB7&gt;&lt;label for=&quot;mce-LNAME&quot;&gt;Nom &lt;\/label&gt;&lt;\/font&gt;&lt;\/center&gt; &lt;input type=&quot;text&quot; value=&quot;&quot; name=&quot;LNAME&quot; class=&quot;required&quot; id=&quot;mce-LNAME&quot;&gt; &lt;\/div&gt; &lt;div class=&quot;mc-field-group&quot;&gt; \u00a0\u00a0 &lt;center&gt;&lt;font color=#ADACB7&gt;&lt;label for=&quot;mce-MMERGE4&quot;&gt;Vous \u00eates &lt;\/label&gt;&lt;\/font&gt;&lt;\/center&gt;\u00a0 &lt;select name=&quot;MMERGE4&quot; class=&quot;required&quot; id=&quot;mce-MMERGE4&quot;&gt; &lt;option value=&quot;&quot;&gt;&lt;\/option&gt; &lt;option value=&quot;professionnel de l&#039;enseignement&quot;&gt;professionnel de l&#039;enseignement&lt;\/option&gt; &lt;option value=&quot;professionnel de l&#039;enseignement sup\u00e9rieur&quot;&gt;professionnel de l&#039;enseignement sup\u00e9rieur&lt;\/option&gt; &lt;option value=&quot;Etudiant&quot;&gt;Etudiant&lt;\/option&gt; &lt;option value=&quot;Chercheur&quot;&gt;Chercheur&lt;\/option&gt; &lt;option value=&quot;Autre&quot;&gt;Autre&lt;\/option&gt; &lt;\/select&gt; &lt;\/div&gt; &lt;div id=&quot;mce-responses&quot; class=&quot;clear&quot;&gt; &lt;div class=&quot;response&quot; id=&quot;mce-error-response&quot; style=&quot;display:none&quot;&gt;&lt;\/div&gt; &lt;div class=&quot;response&quot; id=&quot;mce-success-response&quot; style=&quot;display:none&quot;&gt;&lt;\/div&gt; &lt;\/div&gt; &lt;!&#8211; real people should not fill this in and expect good things &#8211; do not remove this or risk form bot signups&#8211;&gt; &lt;div style=&quot;position: absolute; left: -5000px;&quot; aria-hidden=&quot;true&quot;&gt;&lt;input type=&quot;text&quot; name=&quot;b_2f8584d0c3d925622c16f81a4_ee9ef13489&quot; tabindex=&quot;-1&quot; value=&quot;&quot;&gt;&lt;\/div&gt; \u00a0&lt;center&gt;&lt;div class=&quot;clear&quot;&gt;&lt;input type=&quot;submit&quot; value=&quot;S&#039;inscrire&quot; name=&quot;subscribe&quot; id=&quot;mc-embedded-subscribe&quot; class=&quot;button&quot;&gt;&lt;\/div&gt;&lt;\/center&gt;\u00a0 &lt;\/div&gt; &lt;\/form&gt; &lt;\/div&gt; &lt;!&#8211;End mc_embed_signup&#8211;&gt;[\/et_pb_code][\/et_pb_column][et_pb_column type=&#8221;1_2&#8243; _builder_version=&#8221;3.14&#8243; parallax=&#8221;off&#8221; parallax_method=&#8221;on&#8221;][\/et_pb_column][\/et_pb_row][\/et_pb_section]<\/p>\n","protected":false},"excerpt":{"rendered":"<p>[et_pb_section fb_built=&#8221;1&#8243; _builder_version=&#8221;3.14&#8243; custom_padding=&#8221;60px|0px|0|0px|false|false&#8221;][et_pb_row custom_padding=&#8221;0|0px|0|0px|false|false&#8221; _builder_version=&#8221;3.14&#8243;][et_pb_column type=&#8221;4_4&#8243; _builder_version=&#8221;3.14&#8243; parallax=&#8221;off&#8221; parallax_method=&#8221;on&#8221;][et_pb_text _builder_version=&#8221;3.14&#8243;] Les membres du bureau de direction de l&#8217;association [\/et_pb_text][\/et_pb_column][\/et_pb_row][et_pb_row custom_padding=&#8221;40px|0px|8px|0px|false|false&#8221; _builder_version=&#8221;3.14&#8243;][et_pb_column type=&#8221;4_4&#8243; _builder_version=&#8221;3.14&#8243; parallax=&#8221;off&#8221; parallax_method=&#8221;on&#8221;][et_pb_divider color=&#8221;#197593&#8243; _builder_version=&#8221;3.14&#8243;][\/et_pb_divider][\/et_pb_column][\/et_pb_row][et_pb_row _builder_version=&#8221;3.14&#8243; border_style_all=&#8221;dashed&#8221; border_width_bottom=&#8221;1px&#8221; border_color_bottom=&#8221;rgba(160,160,160,0.43)&#8221;][et_pb_column type=&#8221;3_4&#8243; _builder_version=&#8221;3.14&#8243; parallax=&#8221;off&#8221; parallax_method=&#8221;on&#8221;][et_pb_text _builder_version=&#8221;3.14&#8243; inline_fonts=&#8221;Georgia&#8221;] Ana\u00eblle Camarda &#8211; Pr\u00e9sidente du CoReCR\u00c9 Apr\u00e8s avoir obtenu mon dipl\u00f4me de psychologue (sp\u00e9cialis\u00e9e en psychologie cognitive [&hellip;]<\/p>\n","protected":false},"author":1,"featured_media":0,"parent":0,"menu_order":0,"comment_status":"closed","ping_status":"closed","template":"","meta":{"_exactmetrics_skip_tracking":false,"_exactmetrics_sitenote_active":false,"_exactmetrics_sitenote_note":"","_exactmetrics_sitenote_category":0,"_monsterinsights_skip_tracking":false,"_monsterinsights_sitenote_active":false,"_monsterinsights_sitenote_note":"","_monsterinsights_sitenote_category":0,"footnotes":""},"categories":[],"tags":[],"class_list":["post-1840","page","type-page","status-publish","hentry"],"_links":{"self":[{"href":"https:\/\/www.association-corecre.com\/index.php\/wp-json\/wp\/v2\/pages\/1840","targetHints":{"allow":["GET"]}}],"collection":[{"href":"https:\/\/www.association-corecre.com\/index.php\/wp-json\/wp\/v2\/pages"}],"about":[{"href":"https:\/\/www.association-corecre.com\/index.php\/wp-json\/wp\/v2\/types\/page"}],"author":[{"embeddable":true,"href":"https:\/\/www.association-corecre.com\/index.php\/wp-json\/wp\/v2\/users\/1"}],"replies":[{"embeddable":true,"href":"https:\/\/www.association-corecre.com\/index.php\/wp-json\/wp\/v2\/comments?post=1840"}],"version-history":[{"count":18,"href":"https:\/\/www.association-corecre.com\/index.php\/wp-json\/wp\/v2\/pages\/1840\/revisions"}],"predecessor-version":[{"id":5918,"href":"https:\/\/www.association-corecre.com\/index.php\/wp-json\/wp\/v2\/pages\/1840\/revisions\/5918"}],"wp:attachment":[{"href":"https:\/\/www.association-corecre.com\/index.php\/wp-json\/wp\/v2\/media?parent=1840"}],"wp:term":[{"taxonomy":"category","embeddable":true,"href":"https:\/\/www.association-corecre.com\/index.php\/wp-json\/wp\/v2\/categories?post=1840"},{"taxonomy":"post_tag","embeddable":true,"href":"https:\/\/www.association-corecre.com\/index.php\/wp-json\/wp\/v2\/tags?post=1840"}],"curies":[{"name":"wp","href":"https:\/\/api.w.org\/{rel}","templated":true}]}}